{"id":304,"date":"2014-03-12T16:53:43","date_gmt":"2014-03-21T13:47:37","guid":{"rendered":"http:\/\/www.test.queenscollege.es\/?page_id=304"},"modified":"2017-06-07T15:48:54","modified_gmt":"2017-06-07T14:48:54","slug":"secundaria","status":"publish","type":"page","link":"https:\/\/www.queenscollege.es\/ca\/descobreix-nos\/aspectes-academics\/secundaria\/","title":{"rendered":"Secund\u00e0ria"},"content":{"rendered":"<p><div class=\"image-full-with-container\"><img src=\"https:\/\/www.queenscollege.es\/wp-content\/uploads\/2016\/03\/IMG_9772v1-e1460108875859-940x418.jpg\"><\/div> <div class=\"none\" style=\"margin-top:20px;\"><\/div><\/p><p><strong>Departament de secund\u00e0ria<\/strong><\/p><p>Com en el departament de Prim\u00e0ria, el programa educatiu est\u00e0 en constant evoluci\u00f3 subjecte a actualitzacions, redefinicions o millores procedents del Curr\u00edculum Nacional Angl\u00e8s\u00a0de la mateixa manera que fa la Secci\u00f3 Espanyola amb el seu temari respecte a les esmenes del Ministeri de Cultura i la Conselleria d\u2019Educaci\u00f3.<\/p><div class=\"table-responsive\"><table class=\"table\" style=\"background-color: #fff8e3;\"><thead><tr><th>Niveles<\/th><td>Clases<\/td><td>Edades<\/td><td>Cursos Espa\u00f1oles<\/td><\/tr><\/thead><tbody><tr><th>Key Stage 3<\/th><td>Y7 &#8211; Y9<\/td><td>11-14 a\u00f1os<\/td><td>6\u00ba Primaria 2\u00ba Eso<\/td><\/tr><tr><th>Key Stage 4<\/th><td>Y10 &#8211; Y11<\/td><td>14-16 a\u00f1os<\/td><td>3\u00ba y 4\u00ba ESO<\/td><\/tr><tr><th>6th Form<\/th><td>Y12 &#8211; Y13<\/td><td>16-18 a\u00f1os<\/td><td>1\u00ba y 2\u00ba Bachillerato<\/td><\/tr><\/tbody><\/table><\/div><p><strong>Key Stage 3 (primer cicle de secund\u00e0ria)<\/strong><\/p><p>Tots els alumnes de Year 7 a 9 segueixen un programa com\u00fa, en una s\u00e8rie d\u2019assignatures que es mostren en la taula del curr\u00edculo.<\/p><p>At\u00e8s que l\u2019angl\u00e8s \u00e9s la llengua vehicular per a la major part del curr\u00edculo, les classes d\u2019aquesta assignatura s\u2019imparteixen a grups redu\u00efts, aconseguint aix\u00ed un ensenyament mes individualitzada.<\/p><p>Tamb\u00e9 s\u2019imparteix matem\u00e0tiques en grups redu\u00efts, en principi en grups homogenis per\u00f2 m\u00e9s tard segons nivells, si b\u00e9 \u00e9s corrent la flexibilitat i mobilitat entre grups.<\/p><p>Art, ICT (Inform\u00e0tica) i Arts Interpretatives (Performing Arts) s\u2019ensenyen en grups redu\u00efts a causa de la seva naturalesa pr\u00e0ctica. En tots aquests casos els grups s\u00f3n d\u2019aproximadament 13 alumnes.<\/p><p>Tots els alumnes de nacionalitat espanyola, o que tinguin el nivell adequat de castell\u00e0, estudien Llengua Espanyola, Ci\u00e8ncies Socials i Catal\u00e0 com part del programa del Ministeri d\u2019Educaci\u00f3. Els altres cursen Llengua Espanyola com llengua estrangera complementada amb estudis de cultura espanyola.<\/p><p>Els alumnes segueixen amb l\u2019estudi d\u2019una segona llengua estrangera triada en Year 6: franc\u00e8s o alemany.<\/p><p><strong>Curr\u00edculum 2016\/2017<\/strong><\/p><div class=\"columnize-me\" data-width=\"500\"><\/p><ul><li>Art<\/li><li>Llengua i Literatura Anglesa<\/li><li>Geografia<\/li><li>Hist\u00f2ria<\/li><li>Inform\u00e0tica (ICT)<\/li><li>Matem\u00e0tiques<\/li><li>Arts Interpretatives<\/li><li>Educaci\u00f3 personal, Social i de la Salud \/ Ciutadania<\/li><li>Educaci\u00f3 F\u00edsica<\/li><li>Ci\u00e8ncies<\/li><li>Franc\u00e8s o Alemany<\/li><li>Llengua i Cultura Espanyola o Estudis Espanyols *<\/li><li>Tutoria<\/li><\/ul><p><\/div><p>*Llengua Espanyola, Socials y Catal\u00e0<\/p><p><strong>Key Stage 4<\/strong><\/p><p>A Year 10 i Year 11, 3r i 4t ESO, els estudiants segueixen un programa de 6 assignatures obligat\u00f2ries juntament amb 2 assignatures triades entre un ventall d\u2019opcions que es detallen en la taula del curr\u00edculo. En alguns casos, se\u2019ls oferix la possibilitat d\u2019estudiar assignatures addicionals.<\/p><p>A part d\u2019Educaci\u00f3 F\u00edsica, les classes es divideixen en dos grups per a les assignatures obligat\u00f2ries. D\u2019aquesta manera es pot identificar amb rapidesa qualsevol dificultat que t\u00e9 l\u2019alumne i proporcionar-li el refor\u00e7 necessari o en el cas de l\u2019alumne que apr\u00e8n el tema amb facilitat, se li ajuda que desenvolupi tot el seu potencial amb activitats d\u2019ampliaci\u00f3.<\/p><p>Alhora, aquests grups redu\u00efts ajuden a establir bones relacions personals tant entre alumnes com entre professor \u2013 alumne. En les assignatures optatives, els grups s\u00f3n encara m\u00e9s redu\u00efts.<\/p><p>El curr\u00edculo est\u00e0 dissenyat per a permetre als estudiants plantejar-se diversos carreres o destinacions educatives posteriors. A Year 10, comencen un programa d\u2019estudis bianual, el qual culmina amb els ex\u00e0mens oficials de sistema Brit\u00e0nic, GCSE \/IGCSE els quals estan administrats per CIE (Ex\u00e0mens Internacionals de la Universitat de Cambridge) i EDEXCEL (Universitat de Londres).<\/p><p><strong>Taula d\u2019assignatures 2016\/2017<\/strong>\u00a0Obligatories<\/p><div class=\"columnize-me\" data-width=\"500\"><\/p><ul><li>Llengua Anglesa<\/li><li>Matem\u00e0tiques<\/li><li>Educaci\u00f3 F\u00edsica<\/li><li>Ci\u00e8ncies (Biologia, Qu\u00edmia i F\u00edsica)<\/li><li>Llengua i Cultura Espanyola o Estudis Espanyols *<\/li><li>Tutoria<\/li><\/ul><p>*Llengua Espanyola, Socials y Catal\u00e0<\/p><p>Opcionals<\/p><ul><li>Art i Disseny<\/li><li>Programaci\u00f3<\/li><li>Franc\u00e8s<\/li><li>Alemany<\/li><li>Geografia<\/li><li>Historia<\/li><li>Inform\u00e1tica<\/li><\/ul><p><\/div><p><strong>6th Form \u00a0(Batxillerat)<\/strong><\/p><p>En Years 12 i Year 13, 1r i 2n de Batxiller, els alumnes que han superat els cursos de GCSE poden comen\u00e7ar els estudis m\u00e9s intensius, GCE \u201cA\u201d \u201ci AS\u201d que serveixen de preparaci\u00f3 per a les carreres universit\u00e0ries. Per regla general, els estudiants escullen 4 o 5 assignatures a aquest nivell.<\/p><p>En aquests moments estan disponibles 17 assignatures. <strong>Asignaturas disponibles (AS y A Level)<\/strong><\/p><div class=\"table-responsive\"><table class=\"table\" style=\"background-color: #fff8e3; height: 149px;\" width=\"606\"><thead><tr><th>Ci\u00e8ncies i Tecnologia<\/th><th>Llengua i Literatura<\/th><th>Ci\u00e8ncies Socials<\/th><th>Altres<\/th><\/tr><\/thead><tbody><tr><td>Biologia<\/td><td>Llengua Anglesa<\/td><td>Empresarials<\/td><td>Art i Disseny<\/td><\/tr><tr><td>Qu\u00edmica<\/td><td>Literatura Anglesa<\/td><td>Historia<\/td><td>\u00a0<\/td><\/tr><tr><td>F\u00edsica<\/td><td>Franc\u00e8s<\/td><td>Geografia<\/td><td>\u00a0<\/td><\/tr><tr><td>Inform\u00e0tica<\/td><td>Alemany<\/td><td>\u00a0<\/td><td>\u00a0<\/td><\/tr><tr><td>Matem\u00e0tiques<\/td><td>Espanyol<\/td><td>\u00a0<\/td><td>\u00a0<\/td><\/tr><tr><td>Matem\u00e0tiques Avan\u00e7ades<\/td><td>Literatura Espanyola<\/td><td>\u00a0<\/td><td>\u00a0<\/td><\/tr><\/tbody><\/table><\/div><p>Els estudiants espanyols o amb el suficient nivell de castell\u00e0, podran seleccionar components del curr\u00edculo oficial espanyol per a obtenir la doble titulaci\u00f3.<\/p><p>Aquells alumnes que optin per accedir a la Universitat espanyola, seran preparats per a les proves d\u2019Acreditaci\u00f3 de la Compet\u00e8ncia Ling\u00fc\u00edstica, simultanejant aquesta preparaci\u00f3 amb el GCE nivell avan\u00e7at de \u201cSpanish \u2013 First Language\u201d.<\/p><p>Per altra banda, se\u2019ls facilitar\u00e0 la preparaci\u00f3 per a obtenir el nivell B de catal\u00e0 i, donat el cas, el nivell C.<\/p><p>El programa d\u2019estudis ofert en aquest nivell permet als alumnes estudiar en universitats de tot el m\u00f3n, en cas de ser un pa\u00eds l\u2019idioma del qual no sigui ni l\u2019angl\u00e8s ni l\u2019espanyol, haurien de dominar l\u2019idioma corresponent.<\/p>","protected":false},"excerpt":{"rendered":"Departament de secund\u00e0riaCom en el departament de Prim\u00e0ria, el programa educatiu est\u00e0 en constant evoluci\u00f3 subjecte a actualitzacions, redefinicions o millores procedents del Curr\u00edculum Nacional Angl\u00e8s\u00a0de la mateixa manera que fa la Secci\u00f3 Espanyola amb el seu temari respecte a &hellip; <a href=\"https:\/\/www.queenscollege.es\/ca\/descobreix-nos\/aspectes-academics\/secundaria\/\">Llegir m\u00e9s<\/a>","protected":false},"author":10,"featured_media":1295,"parent":701,"menu_order":4,"comment_status":"open","ping_status":"open","template":"","meta":[],"yoast_head":"<!-- This site is optimized with the Yoast SEO plugin v18.5.1 - https:\/\/yoast.com\/wordpress\/plugins\/seo\/ -->\n<title>Secund\u00e0ria - Queen\u2019s College<\/title>\n<meta name=\"robots\" content=\"index, follow, max-snippet:-1, max-image-preview:large, max-video-preview:-1\" \/>\n<link rel=\"canonical\" href=\"https:\/\/www.queenscollege.es\/ca\/descobreix-nos\/aspectes-academics\/secundaria\/\" \/>\n<meta property=\"og:locale\" content=\"ca_ES\" \/>\n<meta property=\"og:type\" content=\"article\" \/>\n<meta property=\"og:title\" content=\"Secund\u00e0ria - Queen\u2019s College\" \/>\n<meta property=\"og:description\" content=\"Departament de secund\u00e0riaCom en el departament de Prim\u00e0ria, el programa educatiu est\u00e0 en constant evoluci\u00f3 subjecte a actualitzacions, redefinicions o millores procedents del Curr\u00edculum Nacional Angl\u00e8s\u00a0de la mateixa manera que fa la Secci\u00f3 Espanyola amb el seu temari respecte a &hellip; Llegir m\u00e9s\" \/>\n<meta property=\"og:url\" content=\"https:\/\/www.queenscollege.es\/ca\/descobreix-nos\/aspectes-academics\/secundaria\/\" \/>\n<meta property=\"og:site_name\" content=\"Queen\u2019s College\" \/>\n<meta property=\"article:modified_time\" content=\"2017-06-07T14:48:54+00:00\" \/>\n<meta property=\"og:image\" content=\"https:\/\/www.queenscollege.es\/wp-content\/uploads\/2016\/03\/IMG_9772v1-e1460108875859.jpg\" \/>\n\t<meta property=\"og:image:width\" content=\"1265\" \/>\n\t<meta property=\"og:image:height\" content=\"562\" \/>\n\t<meta property=\"og:image:type\" content=\"image\/jpeg\" \/>\n<meta name=\"twitter:label1\" content=\"Temps estimat de lectura\" \/>\n\t<meta name=\"twitter:data1\" content=\"4 minuts\" \/>\n<script type=\"application\/ld+json\" class=\"yoast-schema-graph\">{\"@context\":\"https:\/\/schema.org\",\"@graph\":[{\"@type\":\"WebSite\",\"@id\":\"https:\/\/www.queenscollege.es\/en\/#website\",\"url\":\"https:\/\/www.queenscollege.es\/en\/\",\"name\":\"Queen\u2019s College\",\"description\":\"Queen&#039;s College web\",\"potentialAction\":[{\"@type\":\"SearchAction\",\"target\":{\"@type\":\"EntryPoint\",\"urlTemplate\":\"https:\/\/www.queenscollege.es\/en\/?s={search_term_string}\"},\"query-input\":\"required name=search_term_string\"}],\"inLanguage\":\"ca\"},{\"@type\":\"ImageObject\",\"@id\":\"https:\/\/www.queenscollege.es\/ca\/descobreix-nos\/aspectes-academics\/secundaria\/#primaryimage\",\"inLanguage\":\"ca\",\"url\":\"https:\/\/www.queenscollege.es\/wp-content\/uploads\/2016\/03\/IMG_9772v1-e1460108875859.jpg\",\"contentUrl\":\"https:\/\/www.queenscollege.es\/wp-content\/uploads\/2016\/03\/IMG_9772v1-e1460108875859.jpg\",\"width\":1265,\"height\":562},{\"@type\":\"WebPage\",\"@id\":\"https:\/\/www.queenscollege.es\/ca\/descobreix-nos\/aspectes-academics\/secundaria\/#webpage\",\"url\":\"https:\/\/www.queenscollege.es\/ca\/descobreix-nos\/aspectes-academics\/secundaria\/\",\"name\":\"Secund\u00e0ria - Queen\u2019s College\",\"isPartOf\":{\"@id\":\"https:\/\/www.queenscollege.es\/en\/#website\"},\"primaryImageOfPage\":{\"@id\":\"https:\/\/www.queenscollege.es\/ca\/descobreix-nos\/aspectes-academics\/secundaria\/#primaryimage\"},\"datePublished\":\"2014-03-21T13:47:37+00:00\",\"dateModified\":\"2017-06-07T14:48:54+00:00\",\"breadcrumb\":{\"@id\":\"https:\/\/www.queenscollege.es\/ca\/descobreix-nos\/aspectes-academics\/secundaria\/#breadcrumb\"},\"inLanguage\":\"ca\",\"potentialAction\":[{\"@type\":\"ReadAction\",\"target\":[\"https:\/\/www.queenscollege.es\/ca\/descobreix-nos\/aspectes-academics\/secundaria\/\"]}]},{\"@type\":\"BreadcrumbList\",\"@id\":\"https:\/\/www.queenscollege.es\/ca\/descobreix-nos\/aspectes-academics\/secundaria\/#breadcrumb\",\"itemListElement\":[{\"@type\":\"ListItem\",\"position\":1,\"name\":\"Portada\",\"item\":\"https:\/\/www.queenscollege.es\/\"},{\"@type\":\"ListItem\",\"position\":2,\"name\":\"Descobreix-nos\",\"item\":\"https:\/\/www.queenscollege.es\/ca\/descobreix-nos\/\"},{\"@type\":\"ListItem\",\"position\":3,\"name\":\"Aspectes Acad\u00e8mics\",\"item\":\"https:\/\/www.queenscollege.es\/ca\/descobreix-nos\/aspectes-academics\/\"},{\"@type\":\"ListItem\",\"position\":4,\"name\":\"Secund\u00e0ria\"}]}]}<\/script>\n<!-- \/ Yoast SEO plugin. -->","yoast_head_json":{"title":"Secund\u00e0ria - Queen\u2019s College","robots":{"index":"index","follow":"follow","max-snippet":"max-snippet:-1","max-image-preview":"max-image-preview:large","max-video-preview":"max-video-preview:-1"},"canonical":"https:\/\/www.queenscollege.es\/ca\/descobreix-nos\/aspectes-academics\/secundaria\/","og_locale":"ca_ES","og_type":"article","og_title":"Secund\u00e0ria - Queen\u2019s College","og_description":"Departament de secund\u00e0riaCom en el departament de Prim\u00e0ria, el programa educatiu est\u00e0 en constant evoluci\u00f3 subjecte a actualitzacions, redefinicions o millores procedents del Curr\u00edculum Nacional Angl\u00e8s\u00a0de la mateixa manera que fa la Secci\u00f3 Espanyola amb el seu temari respecte a &hellip; Llegir m\u00e9s","og_url":"https:\/\/www.queenscollege.es\/ca\/descobreix-nos\/aspectes-academics\/secundaria\/","og_site_name":"Queen\u2019s College","article_modified_time":"2017-06-07T14:48:54+00:00","og_image":[{"width":1265,"height":562,"url":"https:\/\/www.queenscollege.es\/wp-content\/uploads\/2016\/03\/IMG_9772v1-e1460108875859.jpg","type":"image\/jpeg"}],"twitter_misc":{"Temps estimat de lectura":"4 minuts"},"schema":{"@context":"https:\/\/schema.org","@graph":[{"@type":"WebSite","@id":"https:\/\/www.queenscollege.es\/en\/#website","url":"https:\/\/www.queenscollege.es\/en\/","name":"Queen\u2019s College","description":"Queen&#039;s College web","potentialAction":[{"@type":"SearchAction","target":{"@type":"EntryPoint","urlTemplate":"https:\/\/www.queenscollege.es\/en\/?s={search_term_string}"},"query-input":"required name=search_term_string"}],"inLanguage":"ca"},{"@type":"ImageObject","@id":"https:\/\/www.queenscollege.es\/ca\/descobreix-nos\/aspectes-academics\/secundaria\/#primaryimage","inLanguage":"ca","url":"https:\/\/www.queenscollege.es\/wp-content\/uploads\/2016\/03\/IMG_9772v1-e1460108875859.jpg","contentUrl":"https:\/\/www.queenscollege.es\/wp-content\/uploads\/2016\/03\/IMG_9772v1-e1460108875859.jpg","width":1265,"height":562},{"@type":"WebPage","@id":"https:\/\/www.queenscollege.es\/ca\/descobreix-nos\/aspectes-academics\/secundaria\/#webpage","url":"https:\/\/www.queenscollege.es\/ca\/descobreix-nos\/aspectes-academics\/secundaria\/","name":"Secund\u00e0ria - Queen\u2019s College","isPartOf":{"@id":"https:\/\/www.queenscollege.es\/en\/#website"},"primaryImageOfPage":{"@id":"https:\/\/www.queenscollege.es\/ca\/descobreix-nos\/aspectes-academics\/secundaria\/#primaryimage"},"datePublished":"2014-03-21T13:47:37+00:00","dateModified":"2017-06-07T14:48:54+00:00","breadcrumb":{"@id":"https:\/\/www.queenscollege.es\/ca\/descobreix-nos\/aspectes-academics\/secundaria\/#breadcrumb"},"inLanguage":"ca","potentialAction":[{"@type":"ReadAction","target":["https:\/\/www.queenscollege.es\/ca\/descobreix-nos\/aspectes-academics\/secundaria\/"]}]},{"@type":"BreadcrumbList","@id":"https:\/\/www.queenscollege.es\/ca\/descobreix-nos\/aspectes-academics\/secundaria\/#breadcrumb","itemListElement":[{"@type":"ListItem","position":1,"name":"Portada","item":"https:\/\/www.queenscollege.es\/"},{"@type":"ListItem","position":2,"name":"Descobreix-nos","item":"https:\/\/www.queenscollege.es\/ca\/descobreix-nos\/"},{"@type":"ListItem","position":3,"name":"Aspectes Acad\u00e8mics","item":"https:\/\/www.queenscollege.es\/ca\/descobreix-nos\/aspectes-academics\/"},{"@type":"ListItem","position":4,"name":"Secund\u00e0ria"}]}]}},"_links":{"self":[{"href":"https:\/\/www.queenscollege.es\/ca\/wp-json\/wp\/v2\/pages\/304"}],"collection":[{"href":"https:\/\/www.queenscollege.es\/ca\/wp-json\/wp\/v2\/pages"}],"about":[{"href":"https:\/\/www.queenscollege.es\/ca\/wp-json\/wp\/v2\/types\/page"}],"author":[{"embeddable":true,"href":"https:\/\/www.queenscollege.es\/ca\/wp-json\/wp\/v2\/users\/10"}],"replies":[{"embeddable":true,"href":"https:\/\/www.queenscollege.es\/ca\/wp-json\/wp\/v2\/comments?post=304"}],"version-history":[{"count":8,"href":"https:\/\/www.queenscollege.es\/ca\/wp-json\/wp\/v2\/pages\/304\/revisions"}],"predecessor-version":[{"id":1534,"href":"https:\/\/www.queenscollege.es\/ca\/wp-json\/wp\/v2\/pages\/304\/revisions\/1534"}],"up":[{"embeddable":true,"href":"https:\/\/www.queenscollege.es\/ca\/wp-json\/wp\/v2\/pages\/701"}],"wp:featuredmedia":[{"embeddable":true,"href":"https:\/\/www.queenscollege.es\/ca\/wp-json\/wp\/v2\/media\/1295"}],"wp:attachment":[{"href":"https:\/\/www.queenscollege.es\/ca\/wp-json\/wp\/v2\/media?parent=304"}],"curies":[{"name":"wp","href":"https:\/\/api.w.org\/{rel}","templated":true}]}}